{"id":849,"date":"2023-04-02T18:11:05","date_gmt":"2023-04-02T16:11:05","guid":{"rendered":"https:\/\/revue-phaeton.fr\/?page_id=849"},"modified":"2024-12-08T16:00:20","modified_gmt":"2024-12-08T15:00:20","slug":"collection-almadin-de-phaeton","status":"publish","type":"page","link":"https:\/\/revue-phaeton.fr\/index.php\/collection-almadin-de-phaeton\/","title":{"rendered":"La collection Almandin de Pha\u00e9ton"},"content":{"rendered":"\n<p><\/p>\n\n\n\n<figure class=\"wp-block-image size-full\"><img loading=\"lazy\" decoding=\"async\" width=\"768\" height=\"227\" src=\"https:\/\/revue-phaeton.fr\/wp-content\/uploads\/2023\/04\/la-collection-almandin-phaeton.jpg\" alt=\"collection Almandin des \u00e9ditions Pha\u00e9ton\" class=\"wp-image-1031\" srcset=\"https:\/\/revue-phaeton.fr\/wp-content\/uploads\/2023\/04\/la-collection-almandin-phaeton.jpg 768w, https:\/\/revue-phaeton.fr\/wp-content\/uploads\/2023\/04\/la-collection-almandin-phaeton-300x89.jpg 300w\" sizes=\"auto, (max-width: 767px) 89vw, (max-width: 1000px) 54vw, (max-width: 1071px) 543px, 580px\" \/><\/figure>\n\n\n\n<h2 class=\"wp-block-heading\"><strong>Des biographies in\u00e9dites<\/strong><br><\/h2>\n\n\n\n<p><strong>La collection Almandin des \u00c9ditions Pha\u00e9ton est plac\u00e9e sous le signe du t\u00e9moignage et de la biographie. <\/strong>Qui dit t\u00e9moignage renvoie \u00e0 la d\u00e9claration, \u00e0 l\u2019\u00e9criture de ce qui a \u00e9t\u00e9 \u00e9crit, vu ou entendu, dans une d\u00e9marche de recherche du vrai. Mais rendre t\u00e9moignage, c\u2019est aussi reconna\u00eetre en rendant hommage.<\/p>\n\n\n\n<p>Le d\u00e9fi du t\u00e9moignage est de rendre l\u2019exp\u00e9rience individuelle universelle, en restituant \u00e0 la biographie historique, voire historienne, une part de passion, celle qui git \u00abdans le mental \u00e9motionnel des contemporains des \u00e9v\u00e9nements\u00bb.<br><br>Un livre de biographie invite souvent \u00e0 marcher dans les pas de grandes personnalit\u00e9s, de celles qui ont marqu\u00e9 leur temps. La collection Almandin se consacre \u00e0 leur relecture ouvrant sur de nouvelles interpr\u00e9tations.<br><br>Elle se consacre aussi \u00e0 la d\u00e9couverte de r\u00e9cits de vies rest\u00e9es inconnues, des \u00e9clats singuliers de destin\u00e9es uniques souvent boulevers\u00e9es. Parce que l\u2019histoire des inconnus ou des vaincus rec\u00e8le des possibilit\u00e9s enfouies ou refoul\u00e9es qui sont riches de nouvelles transmissions et de partage d\u2019exp\u00e9riences.<\/p>\n\n\n\n<h2 class=\"wp-block-heading\"><strong>Nos publications :<\/strong><br><\/h2>\n\n\n<div class=\"wp-block-image\">\n<figure class=\"aligncenter size-large is-resized\"><img loading=\"lazy\" decoding=\"async\" width=\"706\" height=\"1024\" src=\"https:\/\/revue-phaeton.fr\/wp-content\/uploads\/2024\/02\/livre-pierre-landete-706x1024.jpg\" alt=\"Livre Itin\u00e9raires de Pierre Land\u00e8te\" class=\"wp-image-1177\" style=\"width:403px;height:auto\" srcset=\"https:\/\/revue-phaeton.fr\/wp-content\/uploads\/2024\/02\/livre-pierre-landete-706x1024.jpg 706w, https:\/\/revue-phaeton.fr\/wp-content\/uploads\/2024\/02\/livre-pierre-landete-207x300.jpg 207w, https:\/\/revue-phaeton.fr\/wp-content\/uploads\/2024\/02\/livre-pierre-landete-768x1114.jpg 768w, https:\/\/revue-phaeton.fr\/wp-content\/uploads\/2024\/02\/livre-pierre-landete-1059x1536.jpg 1059w, https:\/\/revue-phaeton.fr\/wp-content\/uploads\/2024\/02\/livre-pierre-landete-1411x2048.jpg 1411w, https:\/\/revue-phaeton.fr\/wp-content\/uploads\/2024\/02\/livre-pierre-landete.jpg 1632w\" sizes=\"auto, (max-width: 706px) 100vw, 706px\" \/><\/figure>\n<\/div>\n\n\n<h2 class=\"wp-block-heading\"><strong>Itin\u00e9raires de Pierre Land\u00e8te<\/strong><\/h2>\n\n\n\n<p>20\u20ac -108 pages <br>\u00c9ditions Pha\u00e9ton &#8211; Collection Almandin<br><br>Itin\u00e9raires est une <strong>s\u00e9rie de trente-deux textes \u00e9crits en Gr\u00e8ce entre 1989 et 2015<\/strong>. Leurs traductions en h\u00e9breu, arabe et grec permettent autant de m\u00e9tamorphoses graphiques et sonores par la gr\u00e2ce des langages de la M\u00e9diterran\u00e9e.<\/p>\n\n\n<div class=\"wp-block-image\">\n<figure class=\"aligncenter size-full\"><img loading=\"lazy\" decoding=\"async\" width=\"373\" height=\"563\" src=\"https:\/\/revue-phaeton.fr\/wp-content\/uploads\/2024\/12\/sappho-de-mytilene.jpg\" alt=\"\" class=\"wp-image-1286\" srcset=\"https:\/\/revue-phaeton.fr\/wp-content\/uploads\/2024\/12\/sappho-de-mytilene.jpg 373w, https:\/\/revue-phaeton.fr\/wp-content\/uploads\/2024\/12\/sappho-de-mytilene-199x300.jpg 199w\" sizes=\"auto, (max-width: 373px) 100vw, 373px\" \/><\/figure>\n<\/div>\n\n\n<h2 class=\"wp-block-heading\"><strong>Sappho de Mytil\u00e8ne<\/strong>, VII e &amp; VI e si\u00e8cles av. J.-C. de <strong>Pierre Landete<\/strong>,<\/h2>\n\n\n\n<p><br><em>2019, 786 pages, 28\u20ac<\/em><br><br>Sappho de Mytil\u00e8ne, trop souvent identifi\u00e9e par les l\u00e9gendes qui entourent son nom, fut, en r\u00e9alit\u00e9, une grande mystique du paganisme comme en attestent les fragments de son \u00e9criture po\u00e9tique. La maison des Muses et des Charites qu\u2019elle cr\u00e9a, assuma \u00e0 Lesbos, pour la premi\u00e8re fois en Gr\u00e8ce, une mission morale et \u00e9ducative. La profondeur du lyrisme de La Mytil\u00e9nienne fut de consid\u00e9rer l\u2019art comme la source de tous les savoirs dont la transmission est le seul gage de salut d\u2019une Humanit\u00e9 libre.<br>Ce livre propose au lecteur de laisser de c\u00f4t\u00e9 les fables invent\u00e9es au-del\u00e0 de la vie de Sappho qui, depuis 26 si\u00e8cles, nous convie au banquet et \u00e0 cueillir toutes les roses des Muses, \u00e0 prendre possession de la beaut\u00e9.<br><br><strong>L\u2019auteur bordelais Pierre Landete a consacr\u00e9 vingt ans de recherches et d\u2019\u00e9criture \u00e0 la po\u00e9tesse grecque Sappho.<\/strong> Il en tire une biographie fouill\u00e9e et \u00e9rudite, qui s\u2019affranchit des l\u00e9gendes et r\u00e9habilite une \u0153uvre importante. <a href=\"https:\/\/www.sudouest.fr\/culture\/litterature\/sappho-de-mytilene-la-dixieme-muse-redecouverte-par-un-auteur-bordelais-pierre-landete-15616311.php\">Voir l\u2019avis de \u00ab\u00a0Sud Ouest\u00a0\u00bb sur cet ouvrage.<\/a><\/p>\n\n\n<div class=\"wp-block-image\">\n<figure class=\"aligncenter size-full\"><img loading=\"lazy\" decoding=\"async\" width=\"1707\" height=\"2560\" src=\"https:\/\/revue-phaeton.fr\/wp-content\/uploads\/2024\/12\/Trois-carnets-de-la-grande-guerre-scaled.jpg\" alt=\"Livre Trois carnets de la grande guerre de Marie-Claude B\u00e9lis-Bergouignan\" class=\"wp-image-1281\" srcset=\"https:\/\/revue-phaeton.fr\/wp-content\/uploads\/2024\/12\/Trois-carnets-de-la-grande-guerre-scaled.jpg 1707w, https:\/\/revue-phaeton.fr\/wp-content\/uploads\/2024\/12\/Trois-carnets-de-la-grande-guerre-200x300.jpg 200w, https:\/\/revue-phaeton.fr\/wp-content\/uploads\/2024\/12\/Trois-carnets-de-la-grande-guerre-683x1024.jpg 683w, https:\/\/revue-phaeton.fr\/wp-content\/uploads\/2024\/12\/Trois-carnets-de-la-grande-guerre-768x1152.jpg 768w, https:\/\/revue-phaeton.fr\/wp-content\/uploads\/2024\/12\/Trois-carnets-de-la-grande-guerre-1024x1536.jpg 1024w, https:\/\/revue-phaeton.fr\/wp-content\/uploads\/2024\/12\/Trois-carnets-de-la-grande-guerre-1365x2048.jpg 1365w\" sizes=\"auto, (max-width: 767px) 89vw, (max-width: 1000px) 54vw, (max-width: 1071px) 543px, 580px\" \/><\/figure>\n<\/div>\n\n\n<h2 class=\"wp-block-heading\"><strong>Trois carnets de la Grande Guerre<\/strong> de <strong>Marie-Claude B\u00e9lis-Bergouignan<\/strong>,<\/h2>\n\n\n\n<p><em>2019, 147 pages, 15\u20ac<\/em><br><br>Publiant les carnets et po\u00e8mes de guerre de Firmin Farges, son grand-p\u00e8re, l\u2019auteur rappelle que la figure du \u00ab Poilu \u00bb ne peut abolir la diversit\u00e9 des cheminements douloureux de ceux qui ont v\u00e9cu l\u2019exp\u00e9rience int\u00e9rieure de ce cataclysme. Se d\u00e9marquant de la vague de po\u00e9sies nationalistes qui avaient fleuri au sortir des combats, ces po\u00e8mes nous immergent dans l\u2019univers de la guerre, \u00e0 hauteur d\u2019individu. Ils nous font conna\u00eetre un homme attach\u00e9 \u00e0 la libert\u00e9 autant qu\u2019\u00e0 la justice, rejetant la violence, un esprit r\u00e9publicain profond\u00e9ment tol\u00e9rant, fraternel au combat m\u00eame dans les \u00e9pisodes les plus terribles.<\/p>\n\n\n<div class=\"wp-block-image\">\n<figure class=\"aligncenter size-full\"><img loading=\"lazy\" decoding=\"async\" width=\"1600\" height=\"2400\" src=\"https:\/\/revue-phaeton.fr\/wp-content\/uploads\/2024\/12\/Firmin-Farges.jpg\" alt=\"Livre sur Firmin Farges, d\u2019une guerre l\u2019autre, instituteur r\u00e9publicain\" class=\"wp-image-1280\" srcset=\"https:\/\/revue-phaeton.fr\/wp-content\/uploads\/2024\/12\/Firmin-Farges.jpg 1600w, https:\/\/revue-phaeton.fr\/wp-content\/uploads\/2024\/12\/Firmin-Farges-200x300.jpg 200w, https:\/\/revue-phaeton.fr\/wp-content\/uploads\/2024\/12\/Firmin-Farges-683x1024.jpg 683w, https:\/\/revue-phaeton.fr\/wp-content\/uploads\/2024\/12\/Firmin-Farges-768x1152.jpg 768w, https:\/\/revue-phaeton.fr\/wp-content\/uploads\/2024\/12\/Firmin-Farges-1024x1536.jpg 1024w, https:\/\/revue-phaeton.fr\/wp-content\/uploads\/2024\/12\/Firmin-Farges-1365x2048.jpg 1365w\" sizes=\"auto, (max-width: 767px) 89vw, (max-width: 1000px) 54vw, (max-width: 1071px) 543px, 580px\" \/><\/figure>\n<\/div>\n\n\n<h2 class=\"wp-block-heading\"><strong>Firmin Farges, d\u2019une guerre l\u2019autre \u2013 Un instituteur r\u00e9publicain<\/strong> de <strong>Marie-Claude B\u00e9lis-Bergouignan<\/strong>,<\/h2>\n\n\n\n<p><em>2021, 202 pages, 15\u20ac<\/em><\/p>\n\n\n\n<p>L\u2019ouvrage retrace la vie de Firmin Farges (1883-1943) : d\u2019abord jeune instituteur engag\u00e9 dans l\u2019\u00e9ducation des enfants du Nord, puis inspecteur primaire \u00e0 Bordeaux, il est un militant inconditionnel de la la\u00efcit\u00e9 et de l\u2019\u00e9ducation populaire.<br>Croix de Guerre et M\u00e9daill\u00e9 militaire, il est injustement relev\u00e9 de ses fonctions par le r\u00e9gime de Vichy en 1941 au motif de son appartenance \u00e0 la franc-ma\u00e7onnerie. Cependant, il recueille en 1942 \u00e0 son domicile un enfant juif, Boris Cyrulnik, amen\u00e9 par sa fille cadette Marguerite, son institutrice, ult\u00e9rieurement reconnue Juste parmi les Nations pour avoir sauv\u00e9 ce dernier de la d\u00e9portation. Firmin d\u00e9c\u00e8de \u00e0 Bordeaux en 1943, victime des deux guerres et de l\u2019arbitraire auquel il n\u2019a pas r\u00e9sist\u00e9.<\/p>\n","protected":false},"excerpt":{"rendered":"<p>Des biographies in\u00e9dites La collection Almandin des \u00c9ditions Pha\u00e9ton est plac\u00e9e sous le signe du t\u00e9moignage et de la biographie. Qui dit t\u00e9moignage renvoie \u00e0 la d\u00e9claration, \u00e0 l\u2019\u00e9criture de ce qui a \u00e9t\u00e9 \u00e9crit, vu ou entendu, dans une d\u00e9marche de recherche du vrai. Mais rendre t\u00e9moignage, c\u2019est aussi reconna\u00eetre en rendant hommage. Le &hellip; <\/p>\n<p class=\"link-more\"><a href=\"https:\/\/revue-phaeton.fr\/index.php\/collection-almadin-de-phaeton\/\" class=\"more-link\">Continuer la lecture<span class=\"screen-reader-text\"> de &laquo;&nbsp;La collection Almandin de Pha\u00e9ton&nbsp;&raquo;<\/span><\/a><\/p>\n","protected":false},"author":1,"featured_media":0,"parent":0,"menu_order":0,"comment_status":"closed","ping_status":"closed","template":"","meta":{"footnotes":""},"class_list":["post-849","page","type-page","status-publish","hentry"],"yoast_head":"<!-- This site is optimized with the Yoast SEO plugin v26.1.1 - https:\/\/yoast.com\/wordpress\/plugins\/seo\/ -->\n<title>La collection Almandin de Pha\u00e9ton - Editions Pha\u00e9ton<\/title>\n<meta name=\"robots\" content=\"index, follow, max-snippet:-1, max-image-preview:large, max-video-preview:-1\" \/>\n<link rel=\"canonical\" href=\"https:\/\/revue-phaeton.fr\/index.php\/collection-almadin-de-phaeton\/\" \/>\n<meta property=\"og:locale\" content=\"fr_FR\" \/>\n<meta property=\"og:type\" content=\"article\" \/>\n<meta property=\"og:title\" content=\"La collection Almandin de Pha\u00e9ton - Editions Pha\u00e9ton\" \/>\n<meta property=\"og:description\" content=\"Des biographies in\u00e9dites La collection Almandin des \u00c9ditions Pha\u00e9ton est plac\u00e9e sous le signe du t\u00e9moignage et de la biographie. Qui dit t\u00e9moignage renvoie \u00e0 la d\u00e9claration, \u00e0 l\u2019\u00e9criture de ce qui a \u00e9t\u00e9 \u00e9crit, vu ou entendu, dans une d\u00e9marche de recherche du vrai. Mais rendre t\u00e9moignage, c\u2019est aussi reconna\u00eetre en rendant hommage. Le &hellip; Continuer la lecture de &laquo;&nbsp;La collection Almandin de Pha\u00e9ton&nbsp;&raquo;\" \/>\n<meta property=\"og:url\" content=\"https:\/\/revue-phaeton.fr\/index.php\/collection-almadin-de-phaeton\/\" \/>\n<meta property=\"og:site_name\" content=\"Editions Pha\u00e9ton\" \/>\n<meta property=\"article:modified_time\" content=\"2024-12-08T15:00:20+00:00\" \/>\n<meta property=\"og:image\" content=\"https:\/\/revue-phaeton.fr\/wp-content\/uploads\/2023\/04\/la-collection-almandin-phaeton.jpg\" \/>\n<meta name=\"twitter:card\" content=\"summary_large_image\" \/>\n<meta name=\"twitter:label1\" content=\"Dur\u00e9e de lecture estim\u00e9e\" \/>\n\t<meta name=\"twitter:data1\" content=\"5 minutes\" \/>\n<script type=\"application\/ld+json\" class=\"yoast-schema-graph\">{\"@context\":\"https:\/\/schema.org\",\"@graph\":[{\"@type\":\"WebPage\",\"@id\":\"https:\/\/revue-phaeton.fr\/index.php\/collection-almadin-de-phaeton\/\",\"url\":\"https:\/\/revue-phaeton.fr\/index.php\/collection-almadin-de-phaeton\/\",\"name\":\"La collection Almandin de Pha\u00e9ton - Editions Pha\u00e9ton\",\"isPartOf\":{\"@id\":\"https:\/\/revue-phaeton.fr\/#website\"},\"primaryImageOfPage\":{\"@id\":\"https:\/\/revue-phaeton.fr\/index.php\/collection-almadin-de-phaeton\/#primaryimage\"},\"image\":{\"@id\":\"https:\/\/revue-phaeton.fr\/index.php\/collection-almadin-de-phaeton\/#primaryimage\"},\"thumbnailUrl\":\"https:\/\/revue-phaeton.fr\/wp-content\/uploads\/2023\/04\/la-collection-almandin-phaeton.jpg\",\"datePublished\":\"2023-04-02T16:11:05+00:00\",\"dateModified\":\"2024-12-08T15:00:20+00:00\",\"breadcrumb\":{\"@id\":\"https:\/\/revue-phaeton.fr\/index.php\/collection-almadin-de-phaeton\/#breadcrumb\"},\"inLanguage\":\"fr-FR\",\"potentialAction\":[{\"@type\":\"ReadAction\",\"target\":[\"https:\/\/revue-phaeton.fr\/index.php\/collection-almadin-de-phaeton\/\"]}]},{\"@type\":\"ImageObject\",\"inLanguage\":\"fr-FR\",\"@id\":\"https:\/\/revue-phaeton.fr\/index.php\/collection-almadin-de-phaeton\/#primaryimage\",\"url\":\"https:\/\/revue-phaeton.fr\/wp-content\/uploads\/2023\/04\/la-collection-almandin-phaeton.jpg\",\"contentUrl\":\"https:\/\/revue-phaeton.fr\/wp-content\/uploads\/2023\/04\/la-collection-almandin-phaeton.jpg\",\"width\":768,\"height\":227,\"caption\":\"collection Almandin des \u00e9ditions Pha\u00e9ton\"},{\"@type\":\"BreadcrumbList\",\"@id\":\"https:\/\/revue-phaeton.fr\/index.php\/collection-almadin-de-phaeton\/#breadcrumb\",\"itemListElement\":[{\"@type\":\"ListItem\",\"position\":1,\"name\":\"Accueil\",\"item\":\"https:\/\/revue-phaeton.fr\/\"},{\"@type\":\"ListItem\",\"position\":2,\"name\":\"La collection Almandin de Pha\u00e9ton\"}]},{\"@type\":\"WebSite\",\"@id\":\"https:\/\/revue-phaeton.fr\/#website\",\"url\":\"https:\/\/revue-phaeton.fr\/\",\"name\":\"Editions Pha\u00e9ton\",\"description\":\"Maison d&#039;\u00e9ditions \",\"potentialAction\":[{\"@type\":\"SearchAction\",\"target\":{\"@type\":\"EntryPoint\",\"urlTemplate\":\"https:\/\/revue-phaeton.fr\/?s={search_term_string}\"},\"query-input\":{\"@type\":\"PropertyValueSpecification\",\"valueRequired\":true,\"valueName\":\"search_term_string\"}}],\"inLanguage\":\"fr-FR\"}]}<\/script>\n<!-- \/ Yoast SEO plugin. -->","yoast_head_json":{"title":"La collection Almandin de Pha\u00e9ton - Editions Pha\u00e9ton","robots":{"index":"index","follow":"follow","max-snippet":"max-snippet:-1","max-image-preview":"max-image-preview:large","max-video-preview":"max-video-preview:-1"},"canonical":"https:\/\/revue-phaeton.fr\/index.php\/collection-almadin-de-phaeton\/","og_locale":"fr_FR","og_type":"article","og_title":"La collection Almandin de Pha\u00e9ton - Editions Pha\u00e9ton","og_description":"Des biographies in\u00e9dites La collection Almandin des \u00c9ditions Pha\u00e9ton est plac\u00e9e sous le signe du t\u00e9moignage et de la biographie. Qui dit t\u00e9moignage renvoie \u00e0 la d\u00e9claration, \u00e0 l\u2019\u00e9criture de ce qui a \u00e9t\u00e9 \u00e9crit, vu ou entendu, dans une d\u00e9marche de recherche du vrai. Mais rendre t\u00e9moignage, c\u2019est aussi reconna\u00eetre en rendant hommage. Le &hellip; Continuer la lecture de &laquo;&nbsp;La collection Almandin de Pha\u00e9ton&nbsp;&raquo;","og_url":"https:\/\/revue-phaeton.fr\/index.php\/collection-almadin-de-phaeton\/","og_site_name":"Editions Pha\u00e9ton","article_modified_time":"2024-12-08T15:00:20+00:00","og_image":[{"url":"https:\/\/revue-phaeton.fr\/wp-content\/uploads\/2023\/04\/la-collection-almandin-phaeton.jpg","type":"","width":"","height":""}],"twitter_card":"summary_large_image","twitter_misc":{"Dur\u00e9e de lecture estim\u00e9e":"5 minutes"},"schema":{"@context":"https:\/\/schema.org","@graph":[{"@type":"WebPage","@id":"https:\/\/revue-phaeton.fr\/index.php\/collection-almadin-de-phaeton\/","url":"https:\/\/revue-phaeton.fr\/index.php\/collection-almadin-de-phaeton\/","name":"La collection Almandin de Pha\u00e9ton - Editions Pha\u00e9ton","isPartOf":{"@id":"https:\/\/revue-phaeton.fr\/#website"},"primaryImageOfPage":{"@id":"https:\/\/revue-phaeton.fr\/index.php\/collection-almadin-de-phaeton\/#primaryimage"},"image":{"@id":"https:\/\/revue-phaeton.fr\/index.php\/collection-almadin-de-phaeton\/#primaryimage"},"thumbnailUrl":"https:\/\/revue-phaeton.fr\/wp-content\/uploads\/2023\/04\/la-collection-almandin-phaeton.jpg","datePublished":"2023-04-02T16:11:05+00:00","dateModified":"2024-12-08T15:00:20+00:00","breadcrumb":{"@id":"https:\/\/revue-phaeton.fr\/index.php\/collection-almadin-de-phaeton\/#breadcrumb"},"inLanguage":"fr-FR","potentialAction":[{"@type":"ReadAction","target":["https:\/\/revue-phaeton.fr\/index.php\/collection-almadin-de-phaeton\/"]}]},{"@type":"ImageObject","inLanguage":"fr-FR","@id":"https:\/\/revue-phaeton.fr\/index.php\/collection-almadin-de-phaeton\/#primaryimage","url":"https:\/\/revue-phaeton.fr\/wp-content\/uploads\/2023\/04\/la-collection-almandin-phaeton.jpg","contentUrl":"https:\/\/revue-phaeton.fr\/wp-content\/uploads\/2023\/04\/la-collection-almandin-phaeton.jpg","width":768,"height":227,"caption":"collection Almandin des \u00e9ditions Pha\u00e9ton"},{"@type":"BreadcrumbList","@id":"https:\/\/revue-phaeton.fr\/index.php\/collection-almadin-de-phaeton\/#breadcrumb","itemListElement":[{"@type":"ListItem","position":1,"name":"Accueil","item":"https:\/\/revue-phaeton.fr\/"},{"@type":"ListItem","position":2,"name":"La collection Almandin de Pha\u00e9ton"}]},{"@type":"WebSite","@id":"https:\/\/revue-phaeton.fr\/#website","url":"https:\/\/revue-phaeton.fr\/","name":"Editions Pha\u00e9ton","description":"Maison d&#039;\u00e9ditions ","potentialAction":[{"@type":"SearchAction","target":{"@type":"EntryPoint","urlTemplate":"https:\/\/revue-phaeton.fr\/?s={search_term_string}"},"query-input":{"@type":"PropertyValueSpecification","valueRequired":true,"valueName":"search_term_string"}}],"inLanguage":"fr-FR"}]}},"_links":{"self":[{"href":"https:\/\/revue-phaeton.fr\/index.php\/wp-json\/wp\/v2\/pages\/849","targetHints":{"allow":["GET"]}}],"collection":[{"href":"https:\/\/revue-phaeton.fr\/index.php\/wp-json\/wp\/v2\/pages"}],"about":[{"href":"https:\/\/revue-phaeton.fr\/index.php\/wp-json\/wp\/v2\/types\/page"}],"author":[{"embeddable":true,"href":"https:\/\/revue-phaeton.fr\/index.php\/wp-json\/wp\/v2\/users\/1"}],"replies":[{"embeddable":true,"href":"https:\/\/revue-phaeton.fr\/index.php\/wp-json\/wp\/v2\/comments?post=849"}],"version-history":[{"count":15,"href":"https:\/\/revue-phaeton.fr\/index.php\/wp-json\/wp\/v2\/pages\/849\/revisions"}],"predecessor-version":[{"id":1287,"href":"https:\/\/revue-phaeton.fr\/index.php\/wp-json\/wp\/v2\/pages\/849\/revisions\/1287"}],"wp:attachment":[{"href":"https:\/\/revue-phaeton.fr\/index.php\/wp-json\/wp\/v2\/media?parent=849"}],"curies":[{"name":"wp","href":"https:\/\/api.w.org\/{rel}","templated":true}]}}